{"id":872,"date":"2025-02-06T15:14:55","date_gmt":"2025-02-06T14:14:55","guid":{"rendered":"https:\/\/webprodukt.cz\/prezentacje-internetowe-webprodukt-cz\/"},"modified":"2025-11-30T18:07:15","modified_gmt":"2025-11-30T17:07:15","slug":"prezentacje-internetowe-webprodukt-cz","status":"publish","type":"page","link":"https:\/\/webprodukt.cz\/pl\/","title":{"rendered":"Prezentacje internetowe Webprodukt.cz"},"content":{"rendered":"\n<div style=\"height:33px\" aria-hidden=\"true\" class=\"wp-block-spacer\"><\/div>\n\n\n\n<hr class=\"wp-block-separator has-css-opacity is-style-default\"\/>\n\n\n\n<figure class=\"wp-block-image aligncenter size-full is-resized is-style-rounded\"><img loading=\"lazy\" decoding=\"async\" width=\"500\" height=\"522\" src=\"https:\/\/webprodukt.cz\/wp-content\/uploads\/2025\/02\/expert.jpg\" alt=\"\" class=\"wp-image-526\" style=\"width:150px;height:150px\" srcset=\"https:\/\/webprodukt.cz\/wp-content\/uploads\/2025\/02\/expert.jpg 500w, https:\/\/webprodukt.cz\/wp-content\/uploads\/2025\/02\/expert-287x300.jpg 287w\" sizes=\"auto, (max-width: 500px) 100vw, 500px\" \/><\/figure>\n\n\n\n<blockquote class=\"wp-block-quote has-text-align-center is-style-large is-layout-flow wp-block-quote-is-layout-flow\">\n<p>&#8220;Tam, gdzie s\u0142owa nie wystarcz\u0105&#8221;<\/p>\n<cite>&#8211; Jan, <em>ekspert<\/em><\/cite><\/blockquote>\n\n\n\n<hr class=\"wp-block-separator has-css-opacity is-style-default\"\/>\n\n\n\n<div style=\"height:57px\" aria-hidden=\"true\" class=\"wp-block-spacer\"><\/div>\n\n\n\n<h2 class=\"wp-block-heading has-text-align-center\">Newsletter Webprodukt.cz przynosi:<\/h2>\n\n\n\n<div class=\"wp-block-group is-layout-flow wp-block-group-is-layout-flow\" style=\"padding-top:30px;padding-right:30px;padding-bottom:30px;padding-left:30px\">\n<div class=\"wp-block-columns is-layout-flex wp-container-core-columns-is-layout-28f84493 wp-block-columns-is-layout-flex\">\n<div class=\"wp-block-column is-layout-flow wp-block-column-is-layout-flow\" style=\"flex-basis:50%\">\n<div class=\"wp-block-query is-layout-flow wp-block-query-is-layout-flow\"><ul class=\"wp-block-post-template is-layout-flow wp-block-post-template-is-layout-flow\"><li class=\"wp-block-post post-6786 post type-post status-publish format-standard has-post-thumbnail hentry category-wydarzenia-w-pradze tag-wycieczka-statkiem\">\n<figure class=\"wp-block-post-featured-image\"><a href=\"https:\/\/webprodukt.cz\/pl\/adwent-w-pradze-2025-rejs-adwentowy-przez-prage-9\/\" target=\"_self\"  ><img loading=\"lazy\" decoding=\"async\" width=\"200\" height=\"133\" src=\"https:\/\/webprodukt.cz\/wp-content\/uploads\/2025\/11\/hrad-prazsky-4.jpg\" class=\"attachment-post-thumbnail size-post-thumbnail wp-post-image\" alt=\"Adwent w Pradze 2025 \u2013 Rejs adwentowy przez Prag\u0119\" style=\"object-fit:cover;\" \/><\/a><\/figure>\n\n<h3 class=\"has-link-color wp-elements-770f2d92a62f9fd9e0a99fef43c0a5e7 wp-block-post-title\"><a href=\"https:\/\/webprodukt.cz\/pl\/adwent-w-pradze-2025-rejs-adwentowy-przez-prage-9\/\" target=\"_self\" >Adwent w Pradze 2025 \u2013 Rejs adwentowy przez Prag\u0119<\/a><\/h3>\n<\/li><li class=\"wp-block-post post-6771 post type-post status-publish format-standard has-post-thumbnail hentry category-wydarzenia-w-pradze tag-wycieczka-statkiem\">\n<figure class=\"wp-block-post-featured-image\"><a href=\"https:\/\/webprodukt.cz\/pl\/adwent-w-pradze-2025-rejs-adwentowy-przez-prage-8\/\" target=\"_self\"  ><img loading=\"lazy\" decoding=\"async\" width=\"200\" height=\"133\" src=\"https:\/\/webprodukt.cz\/wp-content\/uploads\/2025\/11\/hrad-prazsky-4.jpg\" class=\"attachment-post-thumbnail size-post-thumbnail wp-post-image\" alt=\"Adwent w Pradze 2025 \u2013 Rejs adwentowy przez Prag\u0119\" style=\"object-fit:cover;\" \/><\/a><\/figure>\n\n<h3 class=\"has-link-color wp-elements-770f2d92a62f9fd9e0a99fef43c0a5e7 wp-block-post-title\"><a href=\"https:\/\/webprodukt.cz\/pl\/adwent-w-pradze-2025-rejs-adwentowy-przez-prage-8\/\" target=\"_self\" >Adwent w Pradze 2025 \u2013 Rejs adwentowy przez Prag\u0119<\/a><\/h3>\n<\/li><li class=\"wp-block-post post-6737 post type-post status-publish format-standard has-post-thumbnail hentry category-wydarzenia-w-pradze tag-wycieczka-statkiem\">\n<figure class=\"wp-block-post-featured-image\"><a href=\"https:\/\/webprodukt.cz\/pl\/adwent-w-pradze-2025-rejs-adwentowy-przez-prage-7\/\" target=\"_self\"  ><img loading=\"lazy\" decoding=\"async\" width=\"200\" height=\"133\" src=\"https:\/\/webprodukt.cz\/wp-content\/uploads\/2025\/11\/hrad-prazsky-4.jpg\" class=\"attachment-post-thumbnail size-post-thumbnail wp-post-image\" alt=\"Adwent w Pradze 2025 \u2013 Rejs adwentowy przez Prag\u0119\" style=\"object-fit:cover;\" \/><\/a><\/figure>\n\n<h3 class=\"has-link-color wp-elements-770f2d92a62f9fd9e0a99fef43c0a5e7 wp-block-post-title\"><a href=\"https:\/\/webprodukt.cz\/pl\/adwent-w-pradze-2025-rejs-adwentowy-przez-prage-7\/\" target=\"_self\" >Adwent w Pradze 2025 \u2013 Rejs adwentowy przez Prag\u0119<\/a><\/h3>\n<\/li><\/ul><\/div>\n<\/div>\n\n\n\n<div class=\"wp-block-column is-layout-flow wp-block-column-is-layout-flow\" style=\"flex-basis:50%\">\n<div class=\"wp-block-query is-layout-flow wp-block-query-is-layout-flow\"><ul class=\"wp-block-post-template is-layout-flow wp-block-post-template-is-layout-flow\"><li class=\"wp-block-post post-6737 post type-post status-publish format-standard has-post-thumbnail hentry category-wydarzenia-w-pradze tag-wycieczka-statkiem\">\n<figure class=\"wp-block-post-featured-image\"><a href=\"https:\/\/webprodukt.cz\/pl\/adwent-w-pradze-2025-rejs-adwentowy-przez-prage-7\/\" target=\"_self\"  ><img loading=\"lazy\" decoding=\"async\" width=\"200\" height=\"133\" src=\"https:\/\/webprodukt.cz\/wp-content\/uploads\/2025\/11\/hrad-prazsky-4.jpg\" class=\"attachment-post-thumbnail size-post-thumbnail wp-post-image\" alt=\"Adwent w Pradze 2025 \u2013 Rejs adwentowy przez Prag\u0119\" style=\"object-fit:cover;\" \/><\/a><\/figure>\n\n<h3 class=\"has-link-color wp-elements-770f2d92a62f9fd9e0a99fef43c0a5e7 wp-block-post-title\"><a href=\"https:\/\/webprodukt.cz\/pl\/adwent-w-pradze-2025-rejs-adwentowy-przez-prage-7\/\" target=\"_self\" >Adwent w Pradze 2025 \u2013 Rejs adwentowy przez Prag\u0119<\/a><\/h3>\n<\/li><li class=\"wp-block-post post-6709 post type-post status-publish format-standard has-post-thumbnail hentry category-wydarzenia-w-pradze tag-wycieczka-statkiem\">\n<figure class=\"wp-block-post-featured-image\"><a href=\"https:\/\/webprodukt.cz\/pl\/adwent-w-pradze-2025-rejs-adwentowy-przez-prage-5\/\" target=\"_self\"  ><img loading=\"lazy\" decoding=\"async\" width=\"200\" height=\"133\" src=\"https:\/\/webprodukt.cz\/wp-content\/uploads\/2025\/11\/hrad-prazsky-4.jpg\" class=\"attachment-post-thumbnail size-post-thumbnail wp-post-image\" alt=\"Adwent w Pradze 2025 \u2013 Rejs adwentowy przez Prag\u0119\" style=\"object-fit:cover;\" \/><\/a><\/figure>\n\n<h3 class=\"has-link-color wp-elements-770f2d92a62f9fd9e0a99fef43c0a5e7 wp-block-post-title\"><a href=\"https:\/\/webprodukt.cz\/pl\/adwent-w-pradze-2025-rejs-adwentowy-przez-prage-5\/\" target=\"_self\" >Adwent w Pradze 2025 \u2013 Rejs adwentowy przez Prag\u0119<\/a><\/h3>\n<\/li><li class=\"wp-block-post post-6706 post type-post status-publish format-standard has-post-thumbnail hentry category-wydarzenia-w-pradze tag-wycieczka-statkiem\">\n<figure class=\"wp-block-post-featured-image\"><a href=\"https:\/\/webprodukt.cz\/pl\/adwent-w-pradze-2025-rejs-adwentowy-przez-prage-4\/\" target=\"_self\"  ><img loading=\"lazy\" decoding=\"async\" width=\"200\" height=\"133\" src=\"https:\/\/webprodukt.cz\/wp-content\/uploads\/2025\/11\/hrad-prazsky-4.jpg\" class=\"attachment-post-thumbnail size-post-thumbnail wp-post-image\" alt=\"Adwent w Pradze 2025 \u2013 Rejs adwentowy przez Prag\u0119\" style=\"object-fit:cover;\" \/><\/a><\/figure>\n\n<h3 class=\"has-link-color wp-elements-770f2d92a62f9fd9e0a99fef43c0a5e7 wp-block-post-title\"><a href=\"https:\/\/webprodukt.cz\/pl\/adwent-w-pradze-2025-rejs-adwentowy-przez-prage-4\/\" target=\"_self\" >Adwent w Pradze 2025 \u2013 Rejs adwentowy przez Prag\u0119<\/a><\/h3>\n<\/li><\/ul><\/div>\n<\/div>\n<\/div>\n<\/div>\n\n\n\n<h3 class=\"wp-block-heading has-text-align-center\">Biuletyn Webrodukt.cz wed\u0142ug temat\u00f3w:<\/h3>\n\n\n<p class=\"aligncenter wp-block-tag-cloud\"><a href=\"https:\/\/webprodukt.cz\/pl\/tag\/wycieczka-statkiem\/\" class=\"tag-cloud-link tag-link-168 tag-link-position-1\" style=\"font-size: 14pt;\" aria-label=\"Wycieczka statkiem (9 element\u00f3w)\">Wycieczka statkiem<\/a><\/p>","protected":false},"excerpt":{"rendered":"<p>&#8220;Tam, gdzie s\u0142owa nie wystarcz\u0105&#8221; &#8211; Jan, ekspert Newsletter Webprodukt.cz przynosi: Biuletyn Webrodukt.cz wed\u0142ug temat\u00f3w:<\/p>\n","protected":false},"author":1,"featured_media":0,"parent":0,"menu_order":0,"comment_status":"closed","ping_status":"closed","template":"","meta":{"footnotes":""},"class_list":["post-872","page","type-page","status-publish","hentry"],"aioseo_notices":[],"_links":{"self":[{"href":"https:\/\/webprodukt.cz\/pl\/wp-json\/wp\/v2\/pages\/872","targetHints":{"allow":["GET"]}}],"collection":[{"href":"https:\/\/webprodukt.cz\/pl\/wp-json\/wp\/v2\/pages"}],"about":[{"href":"https:\/\/webprodukt.cz\/pl\/wp-json\/wp\/v2\/types\/page"}],"author":[{"embeddable":true,"href":"https:\/\/webprodukt.cz\/pl\/wp-json\/wp\/v2\/users\/1"}],"replies":[{"embeddable":true,"href":"https:\/\/webprodukt.cz\/pl\/wp-json\/wp\/v2\/comments?post=872"}],"version-history":[{"count":2,"href":"https:\/\/webprodukt.cz\/pl\/wp-json\/wp\/v2\/pages\/872\/revisions"}],"predecessor-version":[{"id":6715,"href":"https:\/\/webprodukt.cz\/pl\/wp-json\/wp\/v2\/pages\/872\/revisions\/6715"}],"wp:attachment":[{"href":"https:\/\/webprodukt.cz\/pl\/wp-json\/wp\/v2\/media?parent=872"}],"curies":[{"name":"wp","href":"https:\/\/api.w.org\/{rel}","templated":true}]}}